{"id":6798,"date":"2025-10-23T16:09:29","date_gmt":"2025-10-23T14:09:29","guid":{"rendered":"https:\/\/rodaspa.com\/ingenierie-des-installations\/telepheriques-et-remontees-mecaniques\/"},"modified":"2025-10-23T16:09:29","modified_gmt":"2025-10-23T14:09:29","slug":"telepheriques-et-remontees-mecaniques","status":"publish","type":"page","link":"https:\/\/rodaspa.com\/fr\/ingenierie-des-installations\/telepheriques-et-remontees-mecaniques\/","title":{"rendered":"T\u00e9l\u00e9ph\u00e9riques et remont\u00e9es m\u00e9caniques"},"content":{"rendered":"<p>Nous avons con\u00e7u et r\u00e9alis\u00e9 plusieurs installations de remont\u00e9es m\u00e9caniques, dont des t\u00e9l\u00e9ph\u00e9riques.<\/p>\n<p>Les photos publi\u00e9es concernent le t\u00e9l\u00e9ph\u00e9rique ENEL de Val\u00a0Gerola (SO), de type monoc\u00e2ble avec 2\u00a0cabines.<\/p>\n<p>Nous avons \u00e9galement con\u00e7u, par l\u2019interm\u00e9diaire d\u2019un technicien de confiance, le nouveau t\u00e9l\u00e9ph\u00e9rique de service d\u2019ENEL, destin\u00e9 \u00e0 relier la centrale hydro\u00e9lectrique de Gerola au barrage sup\u00e9rieur de Trona et au bassin de l\u2019installation\u00a0: une station de d\u00e9part, une station d\u2019arriv\u00e9e\/de renvoi ainsi que des pyl\u00f4nes interm\u00e9diaires.Dans ce cas, nous avons \u00e9galement install\u00e9 les c\u00e2bles (porteur et tracteur) du nouvel \u00e9quipement.<\/p>\n<p>Pour la r\u00e9alisation de la station aval, des moyens conventionnels ont \u00e9t\u00e9 employ\u00e9s, tandis que pour la station amont (et pour la pose des c\u00e2bles), l\u2019op\u00e9ration a n\u00e9cessit\u00e9 l\u2019utilisation d\u2019h\u00e9licopt\u00e8res. Pour les pyl\u00f4nes interm\u00e9diaires, une partie des travaux a \u00e9t\u00e9 effectu\u00e9e en utilisant l\u2019ancien t\u00e9l\u00e9ph\u00e9rique (adapt\u00e9 provisoirement en t\u00e9l\u00e9ph\u00e9rique de chantier), qui a ensuite \u00e9t\u00e9 d\u00e9mantel\u00e9 \u00e0 la fin du projet.<\/p>\n","protected":false},"excerpt":{"rendered":"<p>Nous avons con\u00e7u et r\u00e9alis\u00e9 plusieurs installations de remont\u00e9es m\u00e9caniques, dont des t\u00e9l\u00e9ph\u00e9riques. Les photos publi\u00e9es concernent le t\u00e9l\u00e9ph\u00e9rique ENEL de Val\u00a0Gerola (SO), de type monoc\u00e2ble avec 2\u00a0cabines. Nous avons \u00e9galement con\u00e7u, par l\u2019interm\u00e9diaire d\u2019un technicien de confiance, le nouveau t\u00e9l\u00e9ph\u00e9rique de service d\u2019ENEL, destin\u00e9 \u00e0 relier la centrale hydro\u00e9lectrique de Gerola au barrage sup\u00e9rieur [&hellip;]<\/p>\n","protected":false},"author":1,"featured_media":3176,"parent":6786,"menu_order":27,"comment_status":"closed","ping_status":"closed","template":"","meta":{"_acf_changed":false,"footnotes":""},"class_list":["post-6798","page","type-page","status-publish","has-post-thumbnail","hentry"],"acf":[],"_links":{"self":[{"href":"https:\/\/rodaspa.com\/fr\/wp-json\/wp\/v2\/pages\/6798","targetHints":{"allow":["GET"]}}],"collection":[{"href":"https:\/\/rodaspa.com\/fr\/wp-json\/wp\/v2\/pages"}],"about":[{"href":"https:\/\/rodaspa.com\/fr\/wp-json\/wp\/v2\/types\/page"}],"author":[{"embeddable":true,"href":"https:\/\/rodaspa.com\/fr\/wp-json\/wp\/v2\/users\/1"}],"replies":[{"embeddable":true,"href":"https:\/\/rodaspa.com\/fr\/wp-json\/wp\/v2\/comments?post=6798"}],"version-history":[{"count":0,"href":"https:\/\/rodaspa.com\/fr\/wp-json\/wp\/v2\/pages\/6798\/revisions"}],"up":[{"embeddable":true,"href":"https:\/\/rodaspa.com\/fr\/wp-json\/wp\/v2\/pages\/6786"}],"wp:featuredmedia":[{"embeddable":true,"href":"https:\/\/rodaspa.com\/fr\/wp-json\/wp\/v2\/media\/3176"}],"wp:attachment":[{"href":"https:\/\/rodaspa.com\/fr\/wp-json\/wp\/v2\/media?parent=6798"}],"curies":[{"name":"wp","href":"https:\/\/api.w.org\/{rel}","templated":true}]}}